{"id":446,"date":"2024-10-24T14:51:39","date_gmt":"2024-10-24T14:51:39","guid":{"rendered":"https:\/\/caba-acab.ca\/?page_id=446"},"modified":"2026-02-22T12:52:24","modified_gmt":"2026-02-22T16:52:24","slug":"officers","status":"publish","type":"page","link":"https:\/\/caba-acab.ca\/fr\/about\/officers\/","title":{"rendered":"Administrateurs"},"content":{"rendered":"<div data-elementor-type=\"wp-page\" data-elementor-id=\"446\" class=\"elementor elementor-446\" data-elementor-post-type=\"page\">\n\t\t\t\t<div class=\"elementor-element elementor-element-74fc44e e-flex e-con-boxed e-con e-parent\" data-id=\"74fc44e\" data-element_type=\"container\">\n\t\t\t\t\t<div class=\"e-con-inner\">\n\t\t\t\t<div class=\"elementor-element elementor-element-841b07a elementor-widget elementor-widget-spacer\" data-id=\"841b07a\" data-element_type=\"widget\" data-widget_type=\"spacer.default\">\n\t\t\t\t<div class=\"elementor-widget-container\">\n\t\t\t\t\t\t\t<div class=\"elementor-spacer\">\n\t\t\t<div class=\"elementor-spacer-inner\"><\/div>\n\t\t<\/div>\n\t\t\t\t\t\t<\/div>\n\t\t\t\t<\/div>\n\t\t\t\t<div class=\"elementor-element elementor-element-175a826 elementor-widget elementor-widget-heading\" data-id=\"175a826\" data-element_type=\"widget\" data-widget_type=\"heading.default\">\n\t\t\t\t<div class=\"elementor-widget-container\">\n\t\t\t\t\t<h2 class=\"elementor-heading-title elementor-size-default\">Administrateurs<\/h2>\t\t\t\t<\/div>\n\t\t\t\t<\/div>\n\t\t\t\t<div class=\"elementor-element elementor-element-f5c004c elementor-widget-divider--view-line elementor-widget elementor-widget-divider\" data-id=\"f5c004c\" data-element_type=\"widget\" data-widget_type=\"divider.default\">\n\t\t\t\t<div class=\"elementor-widget-container\">\n\t\t\t\t\t\t\t<div class=\"elementor-divider\">\n\t\t\t<span class=\"elementor-divider-separator\">\n\t\t\t\t\t\t<\/span>\n\t\t<\/div>\n\t\t\t\t\t\t<\/div>\n\t\t\t\t<\/div>\n\t\t<div class=\"elementor-element elementor-element-6e25ae1 e-grid e-con-full e-con e-child\" data-id=\"6e25ae1\" data-element_type=\"container\">\n\t\t<div class=\"elementor-element elementor-element-ecb72c2 e-con-full e-flex e-con e-child\" data-id=\"ecb72c2\" data-element_type=\"container\">\n\t\t\t\t<div class=\"elementor-element elementor-element-e6bfa00 elementor-widget elementor-widget-heading\" data-id=\"e6bfa00\" data-element_type=\"widget\" data-widget_type=\"heading.default\">\n\t\t\t\t<div class=\"elementor-widget-container\">\n\t\t\t\t\t<h3 class=\"elementor-heading-title elementor-size-default\">Andrea L. Waters-Rist <\/h3>\t\t\t\t<\/div>\n\t\t\t\t<\/div>\n\t\t\t\t<div class=\"elementor-element elementor-element-2f9e0fe elementor-widget elementor-widget-heading\" data-id=\"2f9e0fe\" data-element_type=\"widget\" data-widget_type=\"heading.default\">\n\t\t\t\t<div class=\"elementor-widget-container\">\n\t\t\t\t\t<h5 class=\"elementor-heading-title elementor-size-default\">Pr\u00e9sidente (2021 - Pr\u00e9sent)<\/h5>\t\t\t\t<\/div>\n\t\t\t\t<\/div>\n\t\t\t\t<div class=\"elementor-element elementor-element-dfb898e elementor-widget elementor-widget-text-editor\" data-id=\"dfb898e\" data-element_type=\"widget\" data-widget_type=\"text-editor.default\">\n\t\t\t\t<div class=\"elementor-widget-container\">\n\t\t\t\t\t\t\t\t\t<p><a href=\"mailto:president@caba-acab.net\" data-extlink=\"\">president@caba-acab.ca<\/a><\/p>\t\t\t\t\t\t\t\t<\/div>\n\t\t\t\t<\/div>\n\t\t\t\t<div class=\"elementor-element elementor-element-bd0868d elementor-widget elementor-widget-text-editor\" data-id=\"bd0868d\" data-element_type=\"widget\" data-widget_type=\"text-editor.default\">\n\t\t\t\t<div class=\"elementor-widget-container\">\n\t\t\t\t\t\t\t\t\t<p>Je suis professeure agr\u00e9g\u00e9e au d\u00e9partement d'anthropologie de l'Universit\u00e9 Western. Mes domaines d'int\u00e9r\u00eat en anthropologie biologique sont l'alimentation ancienne, les pratiques d'alimentation des nourrissons, la pal\u00e9opathologie, l'anthropologie dentaire, la croissance et le d\u00e9veloppement, et la science arch\u00e9ologique. Une grande partie de mes recherches r\u00e9centes se concentre sur les synergies r\u00e9gime-maladie dans les populations historiques du Canada et des Pays-Bas. J'admire depuis longtemps le CABA-ACAB pour ce qu'il offre aux \u00e9tudiants et aux chercheurs et je suis heureuse d'aider \u00e0 diriger notre organisation au fur et \u00e0 mesure que notre domaine se d\u00e9veloppe et \u00e9volue.<\/p>\t\t\t\t\t\t\t\t<\/div>\n\t\t\t\t<\/div>\n\t\t\t\t<div class=\"elementor-element elementor-element-0e3aa7b elementor-widget elementor-widget-n-accordion\" data-id=\"0e3aa7b\" data-element_type=\"widget\" data-settings=\"{&quot;default_state&quot;:&quot;all_collapsed&quot;,&quot;max_items_expended&quot;:&quot;one&quot;,&quot;n_accordion_animation_duration&quot;:{&quot;unit&quot;:&quot;ms&quot;,&quot;size&quot;:400,&quot;sizes&quot;:[]}}\" data-widget_type=\"nested-accordion.default\">\n\t\t\t\t<div class=\"elementor-widget-container\">\n\t\t\t\t\t\t\t<div class=\"e-n-accordion\" aria-label=\"Accordion. Open links with Enter or Space, close with Escape, and navigate with Arrow Keys\">\n\t\t\t\t\t\t<details id=\"e-n-accordion-item-1490\" class=\"e-n-accordion-item\" >\n\t\t\t\t<summary class=\"e-n-accordion-item-title\" data-accordion-index=\"1\" tabindex=\"0\" aria-expanded=\"false\" aria-controls=\"e-n-accordion-item-1490\" >\n\t\t\t\t\t<span class='e-n-accordion-item-title-header'><div class=\"e-n-accordion-item-title-text\"> Fonctions de la pr\u00e9sidente <\/div><\/span>\n\t\t\t\t\t\t\t<span class='e-n-accordion-item-title-icon'>\n\t\t\t<span class='e-opened' ><svg aria-hidden=\"true\" class=\"e-font-icon-svg e-fas-minus\" viewbox=\"0 0 448 512\" xmlns=\"http:\/\/www.w3.org\/2000\/svg\"><path d=\"M416 208H32c-17.67 0-32 14.33-32 32v32c0 17.67 14.33 32 32 32h384c17.67 0 32-14.33 32-32v-32c0-17.67-14.33-32-32-32z\"><\/path><\/svg><\/span>\n\t\t\t<span class='e-closed'><svg aria-hidden=\"true\" class=\"e-font-icon-svg e-fas-plus\" viewbox=\"0 0 448 512\" xmlns=\"http:\/\/www.w3.org\/2000\/svg\"><path d=\"M416 208H272V64c0-17.67-14.33-32-32-32h-32c-17.67 0-32 14.33-32 32v144H32c-17.67 0-32 14.33-32 32v32c0 17.67 14.33 32 32 32h144v144c0 17.67 14.33 32 32 32h32c17.67 0 32-14.33 32-32V304h144c17.67 0 32-14.33 32-32v-32c0-17.67-14.33-32-32-32z\"><\/path><\/svg><\/span>\n\t\t<\/span>\n\n\t\t\t\t\t\t<\/summary>\n\t\t\t\t<div role=\"region\" aria-labelledby=\"e-n-accordion-item-1490\" class=\"elementor-element elementor-element-c878998 e-con-full e-flex e-con e-child\" data-id=\"c878998\" data-element_type=\"container\">\n\t\t<div role=\"region\" aria-labelledby=\"e-n-accordion-item-1490\" class=\"elementor-element elementor-element-8ccb754 e-flex e-con-boxed e-con e-child\" data-id=\"8ccb754\" data-element_type=\"container\">\n\t\t\t\t\t<div class=\"e-con-inner\">\n\t\t\t\t<div class=\"elementor-element elementor-element-745c2ad elementor-widget elementor-widget-text-editor\" data-id=\"745c2ad\" data-element_type=\"widget\" data-widget_type=\"text-editor.default\">\n\t\t\t\t<div class=\"elementor-widget-container\">\n\t\t\t\t\t\t\t\t\t<p>La personne \u00e9lue au poste de pr\u00e9sident est charg\u00e9e de pr\u00e9sider la s\u00e9ance de travail annuelle, de proc\u00e9der \u00e0 la tenue du scrutin sur d\u2019\u00e9ventuelles modifications propos\u00e9es \u00e0 la constitution et de mettre \u00e0 jour la constitution une fois que les modifications sont approuv\u00e9es. Il ou elle d\u00e9tient les attributions et les pouvoirs habituellement d\u00e9volus \u00e0 la pr\u00e9sidence d\u2019une soci\u00e9t\u00e9 savante. Il ou elle les exercera, en plus de s\u2019acquitter d\u2019autres fonctions, conform\u00e9ment aux directives des membres de l\u2019Association.<\/p>\t\t\t\t\t\t\t\t<\/div>\n\t\t\t\t<\/div>\n\t\t\t\t\t<\/div>\n\t\t\t\t<\/div>\n\t\t\t\t<\/div>\n\t\t\t\t\t<\/details>\n\t\t\t\t\t<\/div>\n\t\t\t\t\t\t<\/div>\n\t\t\t\t<\/div>\n\t\t\t\t<\/div>\n\t\t<div class=\"elementor-element elementor-element-b415618 e-con-full e-flex e-con e-child\" data-id=\"b415618\" data-element_type=\"container\">\n\t\t\t\t<div class=\"elementor-element elementor-element-fd7339c elementor-widget elementor-widget-image\" data-id=\"fd7339c\" data-element_type=\"widget\" data-widget_type=\"image.default\">\n\t\t\t\t<div class=\"elementor-widget-container\">\n\t\t\t\t\t\t\t\t\t\t\t\t\t\t\t<img decoding=\"async\" width=\"200\" height=\"220\" src=\"https:\/\/caba-acab.ca\/wp-content\/uploads\/2024\/10\/andrea-waters-rist-head-shot.jpg\" class=\"attachment-full size-full wp-image-495\" alt=\"\" \/>\t\t\t\t\t\t\t\t\t\t\t\t\t\t\t<\/div>\n\t\t\t\t<\/div>\n\t\t\t\t<\/div>\n\t\t<div class=\"elementor-element elementor-element-fda2e2a e-con-full e-flex e-con e-child\" data-id=\"fda2e2a\" data-element_type=\"container\">\n\t\t\t\t<div class=\"elementor-element elementor-element-956ab97 elementor-widget elementor-widget-heading\" data-id=\"956ab97\" data-element_type=\"widget\" data-widget_type=\"heading.default\">\n\t\t\t\t<div class=\"elementor-widget-container\">\n\t\t\t\t\t<h3 class=\"elementor-heading-title elementor-size-default\">Jocelyn Williams<\/h3>\t\t\t\t<\/div>\n\t\t\t\t<\/div>\n\t\t\t\t<div class=\"elementor-element elementor-element-b10699b elementor-widget elementor-widget-heading\" data-id=\"b10699b\" data-element_type=\"widget\" data-widget_type=\"heading.default\">\n\t\t\t\t<div class=\"elementor-widget-container\">\n\t\t\t\t\t<h5 class=\"elementor-heading-title elementor-size-default\">Vice-President (2026-Present)<\/h5>\t\t\t\t<\/div>\n\t\t\t\t<\/div>\n\t\t\t\t<div class=\"elementor-element elementor-element-9a9db62 elementor-widget elementor-widget-text-editor\" data-id=\"9a9db62\" data-element_type=\"widget\" data-widget_type=\"text-editor.default\">\n\t\t\t\t<div class=\"elementor-widget-container\">\n\t\t\t\t\t\t\t\t\t<p><a href=\"mailto:vice-president@caba-acab.net\" data-extlink=\"\">vice-president@caba-acab.ca<\/a><\/p>\t\t\t\t\t\t\t\t<\/div>\n\t\t\t\t<\/div>\n\t\t\t\t<div class=\"elementor-element elementor-element-3fe8983 elementor-widget elementor-widget-text-editor\" data-id=\"3fe8983\" data-element_type=\"widget\" data-widget_type=\"text-editor.default\">\n\t\t\t\t<div class=\"elementor-widget-container\">\n\t\t\t\t\t\t\t\t\t<p>I am an associate professor in the Department of Anthropology at Trent University in Peterborough, Ontario, and co-direct the Mummies as Microcosms project in Lima, Peru, alongside Andrew Nelson of Western University and Luc\u00eda Watson of University of Wroc\u0142aw. As a human bioarchaeologist, my research explores how imperial expansion and colonial processes materialize in the body and influence diet and movement. I integrate osteology, paleopathology, and stable isotope analysis, with expertise in mummies and the reconstruction of short-term diet and mobility, with a primary focus on Peru during the Inca period.<\/p>\t\t\t\t\t\t\t\t<\/div>\n\t\t\t\t<\/div>\n\t\t\t\t<div class=\"elementor-element elementor-element-838cf31 elementor-widget elementor-widget-n-accordion\" data-id=\"838cf31\" data-element_type=\"widget\" data-settings=\"{&quot;default_state&quot;:&quot;all_collapsed&quot;,&quot;max_items_expended&quot;:&quot;one&quot;,&quot;n_accordion_animation_duration&quot;:{&quot;unit&quot;:&quot;ms&quot;,&quot;size&quot;:400,&quot;sizes&quot;:[]}}\" data-widget_type=\"nested-accordion.default\">\n\t\t\t\t<div class=\"elementor-widget-container\">\n\t\t\t\t\t\t\t<div class=\"e-n-accordion\" aria-label=\"Accordion. Open links with Enter or Space, close with Escape, and navigate with Arrow Keys\">\n\t\t\t\t\t\t<details id=\"e-n-accordion-item-1370\" class=\"e-n-accordion-item\" >\n\t\t\t\t<summary class=\"e-n-accordion-item-title\" data-accordion-index=\"1\" tabindex=\"0\" aria-expanded=\"false\" aria-controls=\"e-n-accordion-item-1370\" >\n\t\t\t\t\t<span class='e-n-accordion-item-title-header'><div class=\"e-n-accordion-item-title-text\"> More <\/div><\/span>\n\t\t\t\t\t\t\t<span class='e-n-accordion-item-title-icon'>\n\t\t\t<span class='e-opened' ><svg aria-hidden=\"true\" class=\"e-font-icon-svg e-fas-chevron-up\" viewbox=\"0 0 448 512\" xmlns=\"http:\/\/www.w3.org\/2000\/svg\"><path d=\"M240.971 130.524l194.343 194.343c9.373 9.373 9.373 24.569 0 33.941l-22.667 22.667c-9.357 9.357-24.522 9.375-33.901.04L224 227.495 69.255 381.516c-9.379 9.335-24.544 9.317-33.901-.04l-22.667-22.667c-9.373-9.373-9.373-24.569 0-33.941L207.03 130.525c9.372-9.373 24.568-9.373 33.941-.001z\"><\/path><\/svg><\/span>\n\t\t\t<span class='e-closed'><svg aria-hidden=\"true\" class=\"e-font-icon-svg e-fas-chevron-down\" viewbox=\"0 0 448 512\" xmlns=\"http:\/\/www.w3.org\/2000\/svg\"><path d=\"M207.029 381.476L12.686 187.132c-9.373-9.373-9.373-24.569 0-33.941l22.667-22.667c9.357-9.357 24.522-9.375 33.901-.04L224 284.505l154.745-154.021c9.379-9.335 24.544-9.317 33.901.04l22.667 22.667c9.373 9.373 9.373 24.569 0 33.941L240.971 381.476c-9.373 9.372-24.569 9.372-33.942 0z\"><\/path><\/svg><\/span>\n\t\t<\/span>\n\n\t\t\t\t\t\t<\/summary>\n\t\t\t\t<div role=\"region\" aria-labelledby=\"e-n-accordion-item-1370\" class=\"elementor-element elementor-element-5cead55 e-con-full e-flex e-con e-child\" data-id=\"5cead55\" data-element_type=\"container\">\n\t\t\t\t<div class=\"elementor-element elementor-element-df36b93 elementor-widget elementor-widget-text-editor\" data-id=\"df36b93\" data-element_type=\"widget\" data-widget_type=\"text-editor.default\">\n\t\t\t\t<div class=\"elementor-widget-container\">\n\t\t\t\t\t\t\t\t\t<p>My academic and service work centers on collaboration, mentorship, and community engagement. I am committed to creating inclusive scholarly spaces, supporting student development, and strengthening connections between research, public outreach, and community priorities.<\/p><p>As a member of CABA-ACAB for over two decades, I value the association\u2019s collegial and supportive culture. As Vice-President, I am focused on fostering strong scientific programming, expanding opportunities for student involvement, deepening outreach and community engagement, and advancing initiatives that promote equity, inclusivity, and meaningful dialogue. I look forward to working with our members to support the association\u2019s continued growth and vitality.<\/p>\t\t\t\t\t\t\t\t<\/div>\n\t\t\t\t<\/div>\n\t\t\t\t<\/div>\n\t\t\t\t\t<\/details>\n\t\t\t\t\t<\/div>\n\t\t\t\t\t\t<\/div>\n\t\t\t\t<\/div>\n\t\t\t\t<div class=\"elementor-element elementor-element-626c885 elementor-widget elementor-widget-n-accordion\" data-id=\"626c885\" data-element_type=\"widget\" data-settings=\"{&quot;default_state&quot;:&quot;all_collapsed&quot;,&quot;max_items_expended&quot;:&quot;one&quot;,&quot;n_accordion_animation_duration&quot;:{&quot;unit&quot;:&quot;ms&quot;,&quot;size&quot;:400,&quot;sizes&quot;:[]}}\" data-widget_type=\"nested-accordion.default\">\n\t\t\t\t<div class=\"elementor-widget-container\">\n\t\t\t\t\t\t\t<div class=\"e-n-accordion\" aria-label=\"Accordion. Open links with Enter or Space, close with Escape, and navigate with Arrow Keys\">\n\t\t\t\t\t\t<details id=\"e-n-accordion-item-1030\" class=\"e-n-accordion-item\" >\n\t\t\t\t<summary class=\"e-n-accordion-item-title\" data-accordion-index=\"1\" tabindex=\"0\" aria-expanded=\"false\" aria-controls=\"e-n-accordion-item-1030\" >\n\t\t\t\t\t<span class='e-n-accordion-item-title-header'><div class=\"e-n-accordion-item-title-text\"> Fonctions de la vice-pr\u00e9sidente <\/div><\/span>\n\t\t\t\t\t\t\t<span class='e-n-accordion-item-title-icon'>\n\t\t\t<span class='e-opened' ><svg aria-hidden=\"true\" class=\"e-font-icon-svg e-fas-minus\" viewbox=\"0 0 448 512\" xmlns=\"http:\/\/www.w3.org\/2000\/svg\"><path d=\"M416 208H32c-17.67 0-32 14.33-32 32v32c0 17.67 14.33 32 32 32h384c17.67 0 32-14.33 32-32v-32c0-17.67-14.33-32-32-32z\"><\/path><\/svg><\/span>\n\t\t\t<span class='e-closed'><svg aria-hidden=\"true\" class=\"e-font-icon-svg e-fas-plus\" viewbox=\"0 0 448 512\" xmlns=\"http:\/\/www.w3.org\/2000\/svg\"><path d=\"M416 208H272V64c0-17.67-14.33-32-32-32h-32c-17.67 0-32 14.33-32 32v144H32c-17.67 0-32 14.33-32 32v32c0 17.67 14.33 32 32 32h144v144c0 17.67 14.33 32 32 32h32c17.67 0 32-14.33 32-32V304h144c17.67 0 32-14.33 32-32v-32c0-17.67-14.33-32-32-32z\"><\/path><\/svg><\/span>\n\t\t<\/span>\n\n\t\t\t\t\t\t<\/summary>\n\t\t\t\t<div role=\"region\" aria-labelledby=\"e-n-accordion-item-1030\" class=\"elementor-element elementor-element-94d84f2 e-con-full e-flex e-con e-child\" data-id=\"94d84f2\" data-element_type=\"container\">\n\t\t<div role=\"region\" aria-labelledby=\"e-n-accordion-item-1030\" class=\"elementor-element elementor-element-d4503f5 e-flex e-con-boxed e-con e-child\" data-id=\"d4503f5\" data-element_type=\"container\">\n\t\t\t\t\t<div class=\"e-con-inner\">\n\t\t\t\t<div class=\"elementor-element elementor-element-d9bd4f8 elementor-widget elementor-widget-text-editor\" data-id=\"d9bd4f8\" data-element_type=\"widget\" data-widget_type=\"text-editor.default\">\n\t\t\t\t<div class=\"elementor-widget-container\">\n\t\t\t\t\t\t\t\t\t<p>Le vice-pr\u00e9sident ou la vice-pr\u00e9sidente assume la pr\u00e9sidence du comit\u00e9 des programmes scientifiques et en organise les r\u00e9unions annuelles, en plus d\u2019assurer la coordination avec le comit\u00e9 organisateur local. Il ou elle assume en outre la pr\u00e9sidence du comit\u00e9 des prix, en plus d\u2019en organiser les c\u00e9r\u00e9monies de remise annuelles. De plus, il ou elle est responsable des volets de liaison avec le public et de mobilisation communautaire de l\u2019Association. Enfin, il lui incombe d\u2019assumer la pr\u00e9sidence en g\u00e9n\u00e9ral en cas d\u2019absence ou d\u2019incapacit\u00e9 du pr\u00e9sident ou de la pr\u00e9sidente pendant les deux derni\u00e8res ann\u00e9es du mandat de la personne \u00e0 ce poste.<\/p>\t\t\t\t\t\t\t\t<\/div>\n\t\t\t\t<\/div>\n\t\t\t\t\t<\/div>\n\t\t\t\t<\/div>\n\t\t\t\t<\/div>\n\t\t\t\t\t<\/details>\n\t\t\t\t\t<\/div>\n\t\t\t\t\t\t<\/div>\n\t\t\t\t<\/div>\n\t\t\t\t<\/div>\n\t\t<div class=\"elementor-element elementor-element-ebee753 e-con-full e-flex e-con e-child\" data-id=\"ebee753\" data-element_type=\"container\">\n\t\t\t\t<div class=\"elementor-element elementor-element-b02177c elementor-widget elementor-widget-image\" data-id=\"b02177c\" data-element_type=\"widget\" data-widget_type=\"image.default\">\n\t\t\t\t<div class=\"elementor-widget-container\">\n\t\t\t\t\t\t\t\t\t\t\t\t\t\t\t<img fetchpriority=\"high\" decoding=\"async\" width=\"869\" height=\"1000\" src=\"https:\/\/caba-acab.ca\/wp-content\/uploads\/2026\/02\/JocelynWilliamsImage.jpg\" class=\"attachment-large size-large wp-image-2410\" alt=\"photo of Jocelyn Williams\" srcset=\"https:\/\/caba-acab.ca\/wp-content\/uploads\/2026\/02\/JocelynWilliamsImage.jpg 869w, https:\/\/caba-acab.ca\/wp-content\/uploads\/2026\/02\/JocelynWilliamsImage-261x300.jpg 261w, https:\/\/caba-acab.ca\/wp-content\/uploads\/2026\/02\/JocelynWilliamsImage-768x884.jpg 768w, https:\/\/caba-acab.ca\/wp-content\/uploads\/2026\/02\/JocelynWilliamsImage-10x12.jpg 10w\" sizes=\"(max-width: 869px) 100vw, 869px\" \/>\t\t\t\t\t\t\t\t\t\t\t\t\t\t\t<\/div>\n\t\t\t\t<\/div>\n\t\t\t\t<\/div>\n\t\t<div class=\"elementor-element elementor-element-cfd1fba e-con-full e-flex e-con e-child\" data-id=\"cfd1fba\" data-element_type=\"container\">\n\t\t\t\t<div class=\"elementor-element elementor-element-682c46c elementor-widget elementor-widget-heading\" data-id=\"682c46c\" data-element_type=\"widget\" data-widget_type=\"heading.default\">\n\t\t\t\t<div class=\"elementor-widget-container\">\n\t\t\t\t\t<h3 class=\"elementor-heading-title elementor-size-default\">Rebecca Gilmour<\/h3>\t\t\t\t<\/div>\n\t\t\t\t<\/div>\n\t\t\t\t<div class=\"elementor-element elementor-element-90d3c06 elementor-widget elementor-widget-heading\" data-id=\"90d3c06\" data-element_type=\"widget\" data-widget_type=\"heading.default\">\n\t\t\t\t<div class=\"elementor-widget-container\">\n\t\t\t\t\t<h5 class=\"elementor-heading-title elementor-size-default\">Secr\u00e9taire \/ Tr\u00e9sori\u00e8re (2022-2026)<\/h5>\t\t\t\t<\/div>\n\t\t\t\t<\/div>\n\t\t\t\t<div class=\"elementor-element elementor-element-f7109ee elementor-widget elementor-widget-text-editor\" data-id=\"f7109ee\" data-element_type=\"widget\" data-widget_type=\"text-editor.default\">\n\t\t\t\t<div class=\"elementor-widget-container\">\n\t\t\t\t\t\t\t\t\t<p><a href=\"mailto:treasurer@caba-acab.net\" data-extlink=\"\">treasurer@caba-acab.ca<\/a><\/p>\t\t\t\t\t\t\t\t<\/div>\n\t\t\t\t<\/div>\n\t\t\t\t<div class=\"elementor-element elementor-element-126d9fd elementor-widget elementor-widget-text-editor\" data-id=\"126d9fd\" data-element_type=\"widget\" data-widget_type=\"text-editor.default\">\n\t\t\t\t<div class=\"elementor-widget-container\">\n\t\t\t\t\t\t\t\t\t<p>Je suis professeure adjointe au d\u00e9partement de sociologie et d'anthropologie de l'Universit\u00e9 Mount Royal (Calgary, Alberta). Je suis bioarch\u00e9ologue et mon principal programme de recherche examine l'intersection de la pal\u00e9opathologie et de la biom\u00e9canique, en mettant l'accent sur les cons\u00e9quences \u00e0 long terme des traumatismes squelettiques. Certains de mes autres projets portent sur les m\u00e9thodes de mesure des restes incomplets, la p\u00e9dagogie ost\u00e9ologique et les exp\u00e9riences de d\u00e9ficience\/incapacit\u00e9 dans le pass\u00e9. Je suis heureux de faire partie de l'ex\u00e9cutif du CABA-ACAB et j'ai h\u00e2te de faire plus ample connaissance avec nos membres.<\/p>\t\t\t\t\t\t\t\t<\/div>\n\t\t\t\t<\/div>\n\t\t\t\t<div class=\"elementor-element elementor-element-9a47f5f elementor-widget elementor-widget-n-accordion\" data-id=\"9a47f5f\" data-element_type=\"widget\" data-settings=\"{&quot;default_state&quot;:&quot;all_collapsed&quot;,&quot;max_items_expended&quot;:&quot;one&quot;,&quot;n_accordion_animation_duration&quot;:{&quot;unit&quot;:&quot;ms&quot;,&quot;size&quot;:400,&quot;sizes&quot;:[]}}\" data-widget_type=\"nested-accordion.default\">\n\t\t\t\t<div class=\"elementor-widget-container\">\n\t\t\t\t\t\t\t<div class=\"e-n-accordion\" aria-label=\"Accordion. Open links with Enter or Space, close with Escape, and navigate with Arrow Keys\">\n\t\t\t\t\t\t<details id=\"e-n-accordion-item-1610\" class=\"e-n-accordion-item\" >\n\t\t\t\t<summary class=\"e-n-accordion-item-title\" data-accordion-index=\"1\" tabindex=\"0\" aria-expanded=\"false\" aria-controls=\"e-n-accordion-item-1610\" >\n\t\t\t\t\t<span class='e-n-accordion-item-title-header'><div class=\"e-n-accordion-item-title-text\"> Fonctions du secr\u00e9taire-tr\u00e9sorier <\/div><\/span>\n\t\t\t\t\t\t\t<span class='e-n-accordion-item-title-icon'>\n\t\t\t<span class='e-opened' ><svg aria-hidden=\"true\" class=\"e-font-icon-svg e-fas-minus\" viewbox=\"0 0 448 512\" xmlns=\"http:\/\/www.w3.org\/2000\/svg\"><path d=\"M416 208H32c-17.67 0-32 14.33-32 32v32c0 17.67 14.33 32 32 32h384c17.67 0 32-14.33 32-32v-32c0-17.67-14.33-32-32-32z\"><\/path><\/svg><\/span>\n\t\t\t<span class='e-closed'><svg aria-hidden=\"true\" class=\"e-font-icon-svg e-fas-plus\" viewbox=\"0 0 448 512\" xmlns=\"http:\/\/www.w3.org\/2000\/svg\"><path d=\"M416 208H272V64c0-17.67-14.33-32-32-32h-32c-17.67 0-32 14.33-32 32v144H32c-17.67 0-32 14.33-32 32v32c0 17.67 14.33 32 32 32h144v144c0 17.67 14.33 32 32 32h32c17.67 0 32-14.33 32-32V304h144c17.67 0 32-14.33 32-32v-32c0-17.67-14.33-32-32-32z\"><\/path><\/svg><\/span>\n\t\t<\/span>\n\n\t\t\t\t\t\t<\/summary>\n\t\t\t\t<div role=\"region\" aria-labelledby=\"e-n-accordion-item-1610\" class=\"elementor-element elementor-element-3fe12a2 e-con-full e-flex e-con e-child\" data-id=\"3fe12a2\" data-element_type=\"container\">\n\t\t\t\t<div class=\"elementor-element elementor-element-118b091 elementor-widget elementor-widget-text-editor\" data-id=\"118b091\" data-element_type=\"widget\" data-widget_type=\"text-editor.default\">\n\t\t\t\t<div class=\"elementor-widget-container\">\n\t\t\t\t\t\t\t\t\t<p>Le secr\u00e9taire-tr\u00e9sorier ou la secr\u00e9taire-tr\u00e9sori\u00e8re g\u00e8re tout compte de l\u2019Association. Il lui incombe de recueillir et de verser les fonds conform\u00e9ment aux directives des membres. Il ou elle doit pr\u00e9parer un rapport annuel sur toutes les activit\u00e9s financi\u00e8res, lequel sera pr\u00e9sent\u00e9 et inscrit au proc\u00e8s-verbal de la s\u00e9ance de travail annuelle. Ses autres fonctions consistent \u00e0 tenir \u00e0 jour la liste des membres actifs, y compris en format \u00e9lectronique, \u00e0 r\u00e9diger le proc\u00e8s-verbal de la s\u00e9ance de travail annuelle et \u00e0 mettre ces documents \u00e0 la disposition du r\u00e9dacteur ou de la r\u00e9dactrice en chef de l'infolettre en vue de leur distribution aux membres.<\/p>\t\t\t\t\t\t\t\t<\/div>\n\t\t\t\t<\/div>\n\t\t\t\t<\/div>\n\t\t\t\t\t<\/details>\n\t\t\t\t\t<\/div>\n\t\t\t\t\t\t<\/div>\n\t\t\t\t<\/div>\n\t\t\t\t<\/div>\n\t\t<div class=\"elementor-element elementor-element-41d7ac8 e-con-full e-flex e-con e-child\" data-id=\"41d7ac8\" data-element_type=\"container\">\n\t\t\t\t<div class=\"elementor-element elementor-element-1ea0e9a elementor-widget elementor-widget-image\" data-id=\"1ea0e9a\" data-element_type=\"widget\" data-widget_type=\"image.default\">\n\t\t\t\t<div class=\"elementor-widget-container\">\n\t\t\t\t\t\t\t\t\t\t\t\t\t\t\t<img decoding=\"async\" width=\"200\" height=\"220\" src=\"https:\/\/caba-acab.ca\/wp-content\/uploads\/2024\/10\/rebecca_0.jpeg\" class=\"attachment-large size-large wp-image-527\" alt=\"\" \/>\t\t\t\t\t\t\t\t\t\t\t\t\t\t\t<\/div>\n\t\t\t\t<\/div>\n\t\t\t\t<\/div>\n\t\t<div class=\"elementor-element elementor-element-02252dc e-con-full e-flex e-con e-child\" data-id=\"02252dc\" data-element_type=\"container\">\n\t\t\t\t<div class=\"elementor-element elementor-element-23ffb85 elementor-widget elementor-widget-heading\" data-id=\"23ffb85\" data-element_type=\"widget\" data-widget_type=\"heading.default\">\n\t\t\t\t<div class=\"elementor-widget-container\">\n\t\t\t\t\t<h3 class=\"elementor-heading-title elementor-size-default\">Maris Schneider<\/h3>\t\t\t\t<\/div>\n\t\t\t\t<\/div>\n\t\t\t\t<div class=\"elementor-element elementor-element-50ab3ae elementor-widget elementor-widget-heading\" data-id=\"50ab3ae\" data-element_type=\"widget\" data-widget_type=\"heading.default\">\n\t\t\t\t<div class=\"elementor-widget-container\">\n\t\t\t\t\t<h5 class=\"elementor-heading-title elementor-size-default\">Repr\u00e9sentante aux \u00e9tudiants (2024-2026)<\/h5>\t\t\t\t<\/div>\n\t\t\t\t<\/div>\n\t\t\t\t<div class=\"elementor-element elementor-element-64fdbc2 elementor-widget elementor-widget-text-editor\" data-id=\"64fdbc2\" data-element_type=\"widget\" data-widget_type=\"text-editor.default\">\n\t\t\t\t<div class=\"elementor-widget-container\">\n\t\t\t\t\t\t\t\t\t<p><a href=\"mailto:studentrep@caba-acab.net\" data-extlink=\"\">studentrep@caba-acab.ca<\/a><\/p>\t\t\t\t\t\t\t\t<\/div>\n\t\t\t\t<\/div>\n\t\t\t\t<div class=\"elementor-element elementor-element-2db12c3 elementor-widget elementor-widget-text-editor\" data-id=\"2db12c3\" data-element_type=\"widget\" data-widget_type=\"text-editor.default\">\n\t\t\t\t<div class=\"elementor-widget-container\">\n\t\t\t\t\t\t\t\t\t<p>Je suis doctorante au d\u00e9partement d'anthropologie de l'Universit\u00e9 Western, o\u00f9 ma recherche porte sur les effets de la malnutrition sur la croissance et le d\u00e9veloppement du squelette chez les populations arch\u00e9ologiques et contemporaines. Plus pr\u00e9cis\u00e9ment, j'\u00e9tudie les changements dans la plaque de croissance et leur impact sur le d\u00e9veloppement global du squelette, en utilisant une gamme de techniques d'imagerie 3D. Je suis enthousiaste \u00e0 l'id\u00e9e de continuer \u00e0 d\u00e9velopper ces comp\u00e9tences tout au long de mes \u00e9tudes doctorales. En tant que repr\u00e9sentante des \u00e9tudiants de la CABA-ACAB, je m'engage \u00e0 soutenir notre communaut\u00e9 d'\u00e9tudiants et \u00e9tudiantes et je suis ouverte \u00e0 toute question, pr\u00e9occupation ou commentaire. N'h\u00e9sitez pas \u00e0 me contacter \u00e0 tout moment !<\/p>\t\t\t\t\t\t\t\t<\/div>\n\t\t\t\t<\/div>\n\t\t\t\t<div class=\"elementor-element elementor-element-16c6cab elementor-widget elementor-widget-n-accordion\" data-id=\"16c6cab\" data-element_type=\"widget\" data-settings=\"{&quot;default_state&quot;:&quot;all_collapsed&quot;,&quot;max_items_expended&quot;:&quot;one&quot;,&quot;n_accordion_animation_duration&quot;:{&quot;unit&quot;:&quot;ms&quot;,&quot;size&quot;:400,&quot;sizes&quot;:[]}}\" data-widget_type=\"nested-accordion.default\">\n\t\t\t\t<div class=\"elementor-widget-container\">\n\t\t\t\t\t\t\t<div class=\"e-n-accordion\" aria-label=\"Accordion. Open links with Enter or Space, close with Escape, and navigate with Arrow Keys\">\n\t\t\t\t\t\t<details id=\"e-n-accordion-item-2380\" class=\"e-n-accordion-item\" >\n\t\t\t\t<summary class=\"e-n-accordion-item-title\" data-accordion-index=\"1\" tabindex=\"0\" aria-expanded=\"false\" aria-controls=\"e-n-accordion-item-2380\" >\n\t\t\t\t\t<span class='e-n-accordion-item-title-header'><div class=\"e-n-accordion-item-title-text\"> Fonctions de repr\u00e9sentante des \u00e9tudiants <\/div><\/span>\n\t\t\t\t\t\t\t<span class='e-n-accordion-item-title-icon'>\n\t\t\t<span class='e-opened' ><svg aria-hidden=\"true\" class=\"e-font-icon-svg e-fas-minus\" viewbox=\"0 0 448 512\" xmlns=\"http:\/\/www.w3.org\/2000\/svg\"><path d=\"M416 208H32c-17.67 0-32 14.33-32 32v32c0 17.67 14.33 32 32 32h384c17.67 0 32-14.33 32-32v-32c0-17.67-14.33-32-32-32z\"><\/path><\/svg><\/span>\n\t\t\t<span class='e-closed'><svg aria-hidden=\"true\" class=\"e-font-icon-svg e-fas-plus\" viewbox=\"0 0 448 512\" xmlns=\"http:\/\/www.w3.org\/2000\/svg\"><path d=\"M416 208H272V64c0-17.67-14.33-32-32-32h-32c-17.67 0-32 14.33-32 32v144H32c-17.67 0-32 14.33-32 32v32c0 17.67 14.33 32 32 32h144v144c0 17.67 14.33 32 32 32h32c17.67 0 32-14.33 32-32V304h144c17.67 0 32-14.33 32-32v-32c0-17.67-14.33-32-32-32z\"><\/path><\/svg><\/span>\n\t\t<\/span>\n\n\t\t\t\t\t\t<\/summary>\n\t\t\t\t<div role=\"region\" aria-labelledby=\"e-n-accordion-item-2380\" class=\"elementor-element elementor-element-3a63e00 e-con-full e-flex e-con e-child\" data-id=\"3a63e00\" data-element_type=\"container\">\n\t\t\t\t<div class=\"elementor-element elementor-element-e452dd9 elementor-widget elementor-widget-text-editor\" data-id=\"e452dd9\" data-element_type=\"widget\" data-widget_type=\"text-editor.default\">\n\t\t\t\t<div class=\"elementor-widget-container\">\n\t\t\t\t\t\t\t\t\t<p>Le repr\u00e9sentant ou la repr\u00e9sentante des \u00e9tudiants et \u00e9tudiantes d\u00e9fend les int\u00e9r\u00eats des membres de l\u2019Association encore aux \u00e9tudes. Son r\u00f4le consiste notamment \u00e0 solliciter et \u00e0 recueillir les nouvelles des \u00e9tudiants et \u00e9tudiantes pour l'infolettre et le site Web, et \u00e0 exprimer leurs pr\u00e9occupations particuli\u00e8res aupr\u00e8s du conseil d\u2019administration de l\u2019Association et de l\u2019ensemble des membres.<\/p>\t\t\t\t\t\t\t\t<\/div>\n\t\t\t\t<\/div>\n\t\t\t\t<\/div>\n\t\t\t\t\t<\/details>\n\t\t\t\t\t<\/div>\n\t\t\t\t\t\t<\/div>\n\t\t\t\t<\/div>\n\t\t\t\t<\/div>\n\t\t<div class=\"elementor-element elementor-element-295d315 e-con-full e-flex e-con e-child\" data-id=\"295d315\" data-element_type=\"container\">\n\t\t\t\t<div class=\"elementor-element elementor-element-12a5f90 elementor-widget elementor-widget-image\" data-id=\"12a5f90\" data-element_type=\"widget\" data-widget_type=\"image.default\">\n\t\t\t\t<div class=\"elementor-widget-container\">\n\t\t\t\t\t\t\t\t\t\t\t\t\t\t\t<img loading=\"lazy\" decoding=\"async\" width=\"896\" height=\"1024\" src=\"https:\/\/caba-acab.ca\/wp-content\/uploads\/2025\/05\/CWPhotography-Maris-Headshot-23-896x1024.jpg\" class=\"attachment-large size-large wp-image-1728\" alt=\"\" srcset=\"https:\/\/caba-acab.ca\/wp-content\/uploads\/2025\/05\/CWPhotography-Maris-Headshot-23-896x1024.jpg 896w, https:\/\/caba-acab.ca\/wp-content\/uploads\/2025\/05\/CWPhotography-Maris-Headshot-23-263x300.jpg 263w, https:\/\/caba-acab.ca\/wp-content\/uploads\/2025\/05\/CWPhotography-Maris-Headshot-23-768x877.jpg 768w, https:\/\/caba-acab.ca\/wp-content\/uploads\/2025\/05\/CWPhotography-Maris-Headshot-23-1344x1536.jpg 1344w, https:\/\/caba-acab.ca\/wp-content\/uploads\/2025\/05\/CWPhotography-Maris-Headshot-23-1793x2048.jpg 1793w, https:\/\/caba-acab.ca\/wp-content\/uploads\/2025\/05\/CWPhotography-Maris-Headshot-23-11x12.jpg 11w\" sizes=\"(max-width: 896px) 100vw, 896px\" \/>\t\t\t\t\t\t\t\t\t\t\t\t\t\t\t<\/div>\n\t\t\t\t<\/div>\n\t\t\t\t<\/div>\n\t\t<div class=\"elementor-element elementor-element-721d383 e-con-full e-flex e-con e-child\" data-id=\"721d383\" data-element_type=\"container\">\n\t\t\t\t<div class=\"elementor-element elementor-element-97a3f38 elementor-widget elementor-widget-heading\" data-id=\"97a3f38\" data-element_type=\"widget\" data-widget_type=\"heading.default\">\n\t\t\t\t<div class=\"elementor-widget-container\">\n\t\t\t\t\t<h3 class=\"elementor-heading-title elementor-size-default\">Creighton Avery<\/h3>\t\t\t\t<\/div>\n\t\t\t\t<\/div>\n\t\t\t\t<div class=\"elementor-element elementor-element-cff1be5 elementor-widget elementor-widget-heading\" data-id=\"cff1be5\" data-element_type=\"widget\" data-widget_type=\"heading.default\">\n\t\t\t\t<div class=\"elementor-widget-container\">\n\t\t\t\t\t<h5 class=\"elementor-heading-title elementor-size-default\">Repr\u00e9sentante des membres sp\u00e9ciaux (2025-2027)<\/h5>\t\t\t\t<\/div>\n\t\t\t\t<\/div>\n\t\t\t\t<div class=\"elementor-element elementor-element-6159867 elementor-widget elementor-widget-text-editor\" data-id=\"6159867\" data-element_type=\"widget\" data-widget_type=\"text-editor.default\">\n\t\t\t\t<div class=\"elementor-widget-container\">\n\t\t\t\t\t\t\t\t\t<p><a href=\"mailto:specialmember@caba-acab.net\" data-extlink=\"\">specialmemberrep@caba-acab.ca<\/a><\/p>\t\t\t\t\t\t\t\t<\/div>\n\t\t\t\t<\/div>\n\t\t\t\t<div class=\"elementor-element elementor-element-74ede5b elementor-widget elementor-widget-text-editor\" data-id=\"74ede5b\" data-element_type=\"widget\" data-widget_type=\"text-editor.default\">\n\t\t\t\t<div class=\"elementor-widget-container\">\n\t\t\t\t\t\t\t\t\t<p>J'ai obtenu mon doctorat \u00e0 l'Universit\u00e9 McMaster en 2022 et j'ai occup\u00e9 divers postes dans les sph\u00e8res acad\u00e9miques et non acad\u00e9miques depuis. Sur le plan acad\u00e9mique, je suis actuellement professeure adjointe, fili\u00e8re d'enseignement (LTA) \u00e0 l'Universit\u00e9 de Toronto Mississauga. En tant que bioarch\u00e9ologue, j'essaie de mieux comprendre les transitions physiques et sociales associ\u00e9es \u00e0 l'adolescence dans le pass\u00e9. Dans cette recherche, j'incorpore des th\u00e9ories sociales et des m\u00e9thodes biochimiques, notamment les isotopes stables alimentaires et l'analyse peptidique de l'am\u00e9log\u00e9nine. En dehors du monde universitaire, je travaille comme ost\u00e9oarch\u00e9ologue pour Stantec Consulting Lt\u00e9e. \u00c0 ce titre, je fais la distinction entre les mat\u00e9riaux ost\u00e9ologiques humains et non humains, afin d'aider \u00e0 diriger les fouilles arch\u00e9ologiques dans le sud-ouest de l'Ontario. Je suis enthousiaste \u00e0 l'id\u00e9e de contribuer \u00e0 l'ACBA-ACAB et de trouver des moyens de continuer \u00e0 soutenir les membres sp\u00e9ciaux de notre organisation.<\/p>\t\t\t\t\t\t\t\t<\/div>\n\t\t\t\t<\/div>\n\t\t\t\t<div class=\"elementor-element elementor-element-4b1078b elementor-widget elementor-widget-n-accordion\" data-id=\"4b1078b\" data-element_type=\"widget\" data-settings=\"{&quot;default_state&quot;:&quot;all_collapsed&quot;,&quot;max_items_expended&quot;:&quot;one&quot;,&quot;n_accordion_animation_duration&quot;:{&quot;unit&quot;:&quot;ms&quot;,&quot;size&quot;:400,&quot;sizes&quot;:[]}}\" data-widget_type=\"nested-accordion.default\">\n\t\t\t\t<div class=\"elementor-widget-container\">\n\t\t\t\t\t\t\t<div class=\"e-n-accordion\" aria-label=\"Accordion. Open links with Enter or Space, close with Escape, and navigate with Arrow Keys\">\n\t\t\t\t\t\t<details id=\"e-n-accordion-item-7870\" class=\"e-n-accordion-item\" >\n\t\t\t\t<summary class=\"e-n-accordion-item-title\" data-accordion-index=\"1\" tabindex=\"0\" aria-expanded=\"false\" aria-controls=\"e-n-accordion-item-7870\" >\n\t\t\t\t\t<span class='e-n-accordion-item-title-header'><div class=\"e-n-accordion-item-title-text\"> Fonctions de la repr\u00e9sentante membres sp\u00e9ciaux <\/div><\/span>\n\t\t\t\t\t\t\t<span class='e-n-accordion-item-title-icon'>\n\t\t\t<span class='e-opened' ><svg aria-hidden=\"true\" class=\"e-font-icon-svg e-fas-minus\" viewbox=\"0 0 448 512\" xmlns=\"http:\/\/www.w3.org\/2000\/svg\"><path d=\"M416 208H32c-17.67 0-32 14.33-32 32v32c0 17.67 14.33 32 32 32h384c17.67 0 32-14.33 32-32v-32c0-17.67-14.33-32-32-32z\"><\/path><\/svg><\/span>\n\t\t\t<span class='e-closed'><svg aria-hidden=\"true\" class=\"e-font-icon-svg e-fas-plus\" viewbox=\"0 0 448 512\" xmlns=\"http:\/\/www.w3.org\/2000\/svg\"><path d=\"M416 208H272V64c0-17.67-14.33-32-32-32h-32c-17.67 0-32 14.33-32 32v144H32c-17.67 0-32 14.33-32 32v32c0 17.67 14.33 32 32 32h144v144c0 17.67 14.33 32 32 32h32c17.67 0 32-14.33 32-32V304h144c17.67 0 32-14.33 32-32v-32c0-17.67-14.33-32-32-32z\"><\/path><\/svg><\/span>\n\t\t<\/span>\n\n\t\t\t\t\t\t<\/summary>\n\t\t\t\t<div role=\"region\" aria-labelledby=\"e-n-accordion-item-7870\" class=\"elementor-element elementor-element-cf5d6fe e-con-full e-flex e-con e-child\" data-id=\"cf5d6fe\" data-element_type=\"container\">\n\t\t\t\t<div class=\"elementor-element elementor-element-ac4dd65 elementor-widget elementor-widget-text-editor\" data-id=\"ac4dd65\" data-element_type=\"widget\" data-widget_type=\"text-editor.default\">\n\t\t\t\t<div class=\"elementor-widget-container\">\n\t\t\t\t\t\t\t\t\t<p>Le repr\u00e9sentant ou la repr\u00e9sentante des membres sp\u00e9ciaux d\u00e9fend les int\u00e9r\u00eats des personnes correspondant \u00e0 la d\u00e9finition de \u00ab membres sp\u00e9ciaux \u00bb. Son r\u00f4le consiste notamment \u00e0 solliciter et \u00e0 recueillir des renseignements aupr\u00e8s des membres de cette cat\u00e9gorie pour l'infolettre et le site Web, et \u00e0 exprimer leurs pr\u00e9occupations particuli\u00e8res aupr\u00e8s du conseil d\u2019administration de l\u2019Association et de l\u2019ensemble des membres, en plus de favoriser l\u2019\u00e9tablissement de liens et de promouvoir des programmes en dehors de l\u2019Association pour soutenir ces membres et encourager leur adh\u00e9sion permanente.<\/p>\t\t\t\t\t\t\t\t<\/div>\n\t\t\t\t<\/div>\n\t\t\t\t<\/div>\n\t\t\t\t\t<\/details>\n\t\t\t\t\t<\/div>\n\t\t\t\t\t\t<\/div>\n\t\t\t\t<\/div>\n\t\t\t\t<\/div>\n\t\t<div class=\"elementor-element elementor-element-05bc8d1 e-con-full e-flex e-con e-child\" data-id=\"05bc8d1\" data-element_type=\"container\">\n\t\t\t\t<div class=\"elementor-element elementor-element-cd29c9f elementor-widget elementor-widget-image\" data-id=\"cd29c9f\" data-element_type=\"widget\" data-widget_type=\"image.default\">\n\t\t\t\t<div class=\"elementor-widget-container\">\n\t\t\t\t\t\t\t\t\t\t\t\t\t\t\t<img loading=\"lazy\" decoding=\"async\" width=\"986\" height=\"1024\" src=\"https:\/\/caba-acab.ca\/wp-content\/uploads\/2025\/05\/headshot-petite-986x1024.jpg\" class=\"attachment-large size-large wp-image-1224\" alt=\"\" srcset=\"https:\/\/caba-acab.ca\/wp-content\/uploads\/2025\/05\/headshot-petite-986x1024.jpg 986w, https:\/\/caba-acab.ca\/wp-content\/uploads\/2025\/05\/headshot-petite-289x300.jpg 289w, https:\/\/caba-acab.ca\/wp-content\/uploads\/2025\/05\/headshot-petite-768x797.jpg 768w, https:\/\/caba-acab.ca\/wp-content\/uploads\/2025\/05\/headshot-petite-1480x1536.jpg 1480w, https:\/\/caba-acab.ca\/wp-content\/uploads\/2025\/05\/headshot-petite-1973x2048.jpg 1973w, https:\/\/caba-acab.ca\/wp-content\/uploads\/2025\/05\/headshot-petite-12x12.jpg 12w, https:\/\/caba-acab.ca\/wp-content\/uploads\/2025\/05\/headshot-petite.jpg 1996w\" sizes=\"(max-width: 986px) 100vw, 986px\" \/>\t\t\t\t\t\t\t\t\t\t\t\t\t\t\t<\/div>\n\t\t\t\t<\/div>\n\t\t\t\t<\/div>\n\t\t<div class=\"elementor-element elementor-element-2fbbb74 e-con-full e-flex e-con e-child\" data-id=\"2fbbb74\" data-element_type=\"container\">\n\t\t\t\t<div class=\"elementor-element elementor-element-76ec47e elementor-widget elementor-widget-heading\" data-id=\"76ec47e\" data-element_type=\"widget\" data-widget_type=\"heading.default\">\n\t\t\t\t<div class=\"elementor-widget-container\">\n\t\t\t\t\t<h3 class=\"elementor-heading-title elementor-size-default\">Thomas Siek<\/h3>\t\t\t\t<\/div>\n\t\t\t\t<\/div>\n\t\t\t\t<div class=\"elementor-element elementor-element-4c09502 elementor-widget elementor-widget-heading\" data-id=\"4c09502\" data-element_type=\"widget\" data-widget_type=\"heading.default\">\n\t\t\t\t<div class=\"elementor-widget-container\">\n\t\t\t\t\t<h5 class=\"elementor-heading-title elementor-size-default\">EDI Co-Officer (2025-Present)<\/h5>\t\t\t\t<\/div>\n\t\t\t\t<\/div>\n\t\t\t\t<div class=\"elementor-element elementor-element-b05b0d1 elementor-widget elementor-widget-text-editor\" data-id=\"b05b0d1\" data-element_type=\"widget\" data-widget_type=\"text-editor.default\">\n\t\t\t\t<div class=\"elementor-widget-container\">\n\t\t\t\t\t\t\t\t\t<p><a href=\"mailto:edi@caba-acab.net\" data-extlink=\"\">edi@caba-acab.ca<\/a><\/p>\t\t\t\t\t\t\t\t<\/div>\n\t\t\t\t<\/div>\n\t\t\t\t<div class=\"elementor-element elementor-element-2f6987a elementor-widget elementor-widget-text-editor\" data-id=\"2f6987a\" data-element_type=\"widget\" data-widget_type=\"text-editor.default\">\n\t\t\t\t<div class=\"elementor-widget-container\">\n\t\t\t\t\t\t\t\t\t<p>Currently, I am a joint Visiting Lecturer in the Department of Anthropology and the Human Biology Program at Indiana University, and I\u2019ve been a member of CABA\/ACAB since 2013. My research background is focused in bioarchaeology and paleopathology, primarily focusing on neoplastic disease; this has slowly started to expand more broadly into the \u2018anthropology of cancer\u2019. I am also interested in the ethics of university skeletal teaching collections and how this relates to undergraduate pedagogy. I\u2019m excited to contribute to CABA\/ACAB and committed to serving its membership to the best of my ability.<\/p>\t\t\t\t\t\t\t\t<\/div>\n\t\t\t\t<\/div>\n\t\t\t\t<div class=\"elementor-element elementor-element-bafd672 elementor-widget elementor-widget-n-accordion\" data-id=\"bafd672\" data-element_type=\"widget\" data-settings=\"{&quot;default_state&quot;:&quot;all_collapsed&quot;,&quot;max_items_expended&quot;:&quot;one&quot;,&quot;n_accordion_animation_duration&quot;:{&quot;unit&quot;:&quot;ms&quot;,&quot;size&quot;:400,&quot;sizes&quot;:[]}}\" data-widget_type=\"nested-accordion.default\">\n\t\t\t\t<div class=\"elementor-widget-container\">\n\t\t\t\t\t\t\t<div class=\"e-n-accordion\" aria-label=\"Accordion. Open links with Enter or Space, close with Escape, and navigate with Arrow Keys\">\n\t\t\t\t\t\t<details id=\"e-n-accordion-item-1960\" class=\"e-n-accordion-item\" >\n\t\t\t\t<summary class=\"e-n-accordion-item-title\" data-accordion-index=\"1\" tabindex=\"0\" aria-expanded=\"false\" aria-controls=\"e-n-accordion-item-1960\" >\n\t\t\t\t\t<span class='e-n-accordion-item-title-header'><div class=\"e-n-accordion-item-title-text\"> Fonctions des responsables de l'\u00c9DI <\/div><\/span>\n\t\t\t\t\t\t\t<span class='e-n-accordion-item-title-icon'>\n\t\t\t<span class='e-opened' ><svg aria-hidden=\"true\" class=\"e-font-icon-svg e-fas-minus\" viewbox=\"0 0 448 512\" xmlns=\"http:\/\/www.w3.org\/2000\/svg\"><path d=\"M416 208H32c-17.67 0-32 14.33-32 32v32c0 17.67 14.33 32 32 32h384c17.67 0 32-14.33 32-32v-32c0-17.67-14.33-32-32-32z\"><\/path><\/svg><\/span>\n\t\t\t<span class='e-closed'><svg aria-hidden=\"true\" class=\"e-font-icon-svg e-fas-plus\" viewbox=\"0 0 448 512\" xmlns=\"http:\/\/www.w3.org\/2000\/svg\"><path d=\"M416 208H272V64c0-17.67-14.33-32-32-32h-32c-17.67 0-32 14.33-32 32v144H32c-17.67 0-32 14.33-32 32v32c0 17.67 14.33 32 32 32h144v144c0 17.67 14.33 32 32 32h32c17.67 0 32-14.33 32-32V304h144c17.67 0 32-14.33 32-32v-32c0-17.67-14.33-32-32-32z\"><\/path><\/svg><\/span>\n\t\t<\/span>\n\n\t\t\t\t\t\t<\/summary>\n\t\t\t\t<div role=\"region\" aria-labelledby=\"e-n-accordion-item-1960\" class=\"elementor-element elementor-element-83e3752 e-con-full e-flex e-con e-child\" data-id=\"83e3752\" data-element_type=\"container\">\n\t\t\t\t<div class=\"elementor-element elementor-element-eed41f3 elementor-widget elementor-widget-text-editor\" data-id=\"eed41f3\" data-element_type=\"widget\" data-widget_type=\"text-editor.default\">\n\t\t\t\t<div class=\"elementor-widget-container\">\n\t\t\t\t\t\t\t\t\t<p>La personne responsable de l\u2019\u00e9quit\u00e9, de la diversit\u00e9 et de l\u2019inclusion (\u00c9DI) coordonnera les activit\u00e9s du sous-comit\u00e9 de l\u2019\u00c9DI. Elle sollicitera et recueillera les nouvelles des membres pour l'infolettre et le site Web, agira comme porte-parole pour les membres en qu\u00eate d\u2019\u00e9quit\u00e9 et fera part des pr\u00e9occupations relatives \u00e0 l\u2019\u00c9DI ou \u00e0 l\u2019anticolonialisme aupr\u00e8s du conseil d\u2019administration de l\u2019Association. Le ou la responsable est \u00e9galement charg\u00e9 de favoriser l\u2019\u00e9tablissement de liens et de faire la promotion de programmes en dehors de l\u2019Association pour soutenir l\u2019\u00e9quit\u00e9, l\u2019inclusion et la diversit\u00e9 au sein de celle ci.<\/p>\t\t\t\t\t\t\t\t<\/div>\n\t\t\t\t<\/div>\n\t\t\t\t<\/div>\n\t\t\t\t\t<\/details>\n\t\t\t\t\t<\/div>\n\t\t\t\t\t\t<\/div>\n\t\t\t\t<\/div>\n\t\t\t\t<\/div>\n\t\t<div class=\"elementor-element elementor-element-9946cf6 e-con-full e-flex e-con e-child\" data-id=\"9946cf6\" data-element_type=\"container\">\n\t\t\t\t<div class=\"elementor-element elementor-element-e12ef24 elementor-widget elementor-widget-image\" data-id=\"e12ef24\" data-element_type=\"widget\" data-widget_type=\"image.default\">\n\t\t\t\t<div class=\"elementor-widget-container\">\n\t\t\t\t\t\t\t\t\t\t\t\t\t\t\t<img loading=\"lazy\" decoding=\"async\" width=\"562\" height=\"700\" src=\"https:\/\/caba-acab.ca\/wp-content\/uploads\/2025\/12\/ThomasSiek.png\" class=\"attachment-large size-large wp-image-2282\" alt=\"\" srcset=\"https:\/\/caba-acab.ca\/wp-content\/uploads\/2025\/12\/ThomasSiek.png 562w, https:\/\/caba-acab.ca\/wp-content\/uploads\/2025\/12\/ThomasSiek-241x300.png 241w, https:\/\/caba-acab.ca\/wp-content\/uploads\/2025\/12\/ThomasSiek-10x12.png 10w\" sizes=\"(max-width: 562px) 100vw, 562px\" \/>\t\t\t\t\t\t\t\t\t\t\t\t\t\t\t<\/div>\n\t\t\t\t<\/div>\n\t\t\t\t<\/div>\n\t\t<div class=\"elementor-element elementor-element-9411b28 e-con-full e-flex e-con e-child\" data-id=\"9411b28\" data-element_type=\"container\">\n\t\t\t\t<div class=\"elementor-element elementor-element-9daab18 elementor-widget elementor-widget-heading\" data-id=\"9daab18\" data-element_type=\"widget\" data-widget_type=\"heading.default\">\n\t\t\t\t<div class=\"elementor-widget-container\">\n\t\t\t\t\t<h3 class=\"elementor-heading-title elementor-size-default\">Ashley C. Smith<\/h3>\t\t\t\t<\/div>\n\t\t\t\t<\/div>\n\t\t\t\t<div class=\"elementor-element elementor-element-452c858 elementor-widget elementor-widget-heading\" data-id=\"452c858\" data-element_type=\"widget\" data-widget_type=\"heading.default\">\n\t\t\t\t<div class=\"elementor-widget-container\">\n\t\t\t\t\t<h5 class=\"elementor-heading-title elementor-size-default\">EDI Co-Officer (2026-Present)<\/h5>\t\t\t\t<\/div>\n\t\t\t\t<\/div>\n\t\t\t\t<div class=\"elementor-element elementor-element-afc3061 elementor-widget elementor-widget-text-editor\" data-id=\"afc3061\" data-element_type=\"widget\" data-widget_type=\"text-editor.default\">\n\t\t\t\t<div class=\"elementor-widget-container\">\n\t\t\t\t\t\t\t\t\t<p><a href=\"mailto:edi@caba-acab.net\" data-extlink=\"\">edi@caba-acab.ca<\/a><\/p>\t\t\t\t\t\t\t\t<\/div>\n\t\t\t\t<\/div>\n\t\t\t\t<div class=\"elementor-element elementor-element-f6e7012 elementor-widget elementor-widget-text-editor\" data-id=\"f6e7012\" data-element_type=\"widget\" data-widget_type=\"text-editor.default\">\n\t\t\t\t<div class=\"elementor-widget-container\">\n\t\t\t\t\t\t\t\t\t<p>I recently earned my PhD from the University of Toronto, and I am a biological and forensic anthropologist that specializes in osteology (adult, juvenile, and non-human), microscopy, trauma, and proteomics. My research interests are varied and have included work in skeletal biology, histology, gender, necropolicy, osteometric standardization, trauma, and decomposition. Currently I am working on establishing an ethical paradigm regarding data collection, curation, and use with artificial intelligence, as well as researching how anthropologists engage with AI in skeletal assessments.<\/p>\t\t\t\t\t\t\t\t<\/div>\n\t\t\t\t<\/div>\n\t\t\t\t<div class=\"elementor-element elementor-element-c698950 elementor-widget elementor-widget-n-accordion\" data-id=\"c698950\" data-element_type=\"widget\" data-settings=\"{&quot;default_state&quot;:&quot;all_collapsed&quot;,&quot;max_items_expended&quot;:&quot;one&quot;,&quot;n_accordion_animation_duration&quot;:{&quot;unit&quot;:&quot;ms&quot;,&quot;size&quot;:400,&quot;sizes&quot;:[]}}\" data-widget_type=\"nested-accordion.default\">\n\t\t\t\t<div class=\"elementor-widget-container\">\n\t\t\t\t\t\t\t<div class=\"e-n-accordion\" aria-label=\"Accordion. Open links with Enter or Space, close with Escape, and navigate with Arrow Keys\">\n\t\t\t\t\t\t<details id=\"e-n-accordion-item-2080\" class=\"e-n-accordion-item\" >\n\t\t\t\t<summary class=\"e-n-accordion-item-title\" data-accordion-index=\"1\" tabindex=\"0\" aria-expanded=\"false\" aria-controls=\"e-n-accordion-item-2080\" >\n\t\t\t\t\t<span class='e-n-accordion-item-title-header'><div class=\"e-n-accordion-item-title-text\"> Fonctions des responsables de l'\u00c9DI <\/div><\/span>\n\t\t\t\t\t\t\t<span class='e-n-accordion-item-title-icon'>\n\t\t\t<span class='e-opened' ><svg aria-hidden=\"true\" class=\"e-font-icon-svg e-fas-minus\" viewbox=\"0 0 448 512\" xmlns=\"http:\/\/www.w3.org\/2000\/svg\"><path d=\"M416 208H32c-17.67 0-32 14.33-32 32v32c0 17.67 14.33 32 32 32h384c17.67 0 32-14.33 32-32v-32c0-17.67-14.33-32-32-32z\"><\/path><\/svg><\/span>\n\t\t\t<span class='e-closed'><svg aria-hidden=\"true\" class=\"e-font-icon-svg e-fas-plus\" viewbox=\"0 0 448 512\" xmlns=\"http:\/\/www.w3.org\/2000\/svg\"><path d=\"M416 208H272V64c0-17.67-14.33-32-32-32h-32c-17.67 0-32 14.33-32 32v144H32c-17.67 0-32 14.33-32 32v32c0 17.67 14.33 32 32 32h144v144c0 17.67 14.33 32 32 32h32c17.67 0 32-14.33 32-32V304h144c17.67 0 32-14.33 32-32v-32c0-17.67-14.33-32-32-32z\"><\/path><\/svg><\/span>\n\t\t<\/span>\n\n\t\t\t\t\t\t<\/summary>\n\t\t\t\t<div role=\"region\" aria-labelledby=\"e-n-accordion-item-2080\" class=\"elementor-element elementor-element-41d5171 e-con-full e-flex e-con e-child\" data-id=\"41d5171\" data-element_type=\"container\">\n\t\t\t\t<div class=\"elementor-element elementor-element-d7b47b3 elementor-widget elementor-widget-text-editor\" data-id=\"d7b47b3\" data-element_type=\"widget\" data-widget_type=\"text-editor.default\">\n\t\t\t\t<div class=\"elementor-widget-container\">\n\t\t\t\t\t\t\t\t\t<p>La personne responsable de l\u2019\u00e9quit\u00e9, de la diversit\u00e9 et de l\u2019inclusion (\u00c9DI) coordonnera les activit\u00e9s du sous-comit\u00e9 de l\u2019\u00c9DI. Elle sollicitera et recueillera les nouvelles des membres pour l'infolettre et le site Web, agira comme porte-parole pour les membres en qu\u00eate d\u2019\u00e9quit\u00e9 et fera part des pr\u00e9occupations relatives \u00e0 l\u2019\u00c9DI ou \u00e0 l\u2019anticolonialisme aupr\u00e8s du conseil d\u2019administration de l\u2019Association. Le ou la responsable est \u00e9galement charg\u00e9 de favoriser l\u2019\u00e9tablissement de liens et de faire la promotion de programmes en dehors de l\u2019Association pour soutenir l\u2019\u00e9quit\u00e9, l\u2019inclusion et la diversit\u00e9 au sein de celle ci.<\/p>\t\t\t\t\t\t\t\t<\/div>\n\t\t\t\t<\/div>\n\t\t\t\t<\/div>\n\t\t\t\t\t<\/details>\n\t\t\t\t\t<\/div>\n\t\t\t\t\t\t<\/div>\n\t\t\t\t<\/div>\n\t\t\t\t<\/div>\n\t\t<div class=\"elementor-element elementor-element-5e26842 e-con-full e-flex e-con e-child\" data-id=\"5e26842\" data-element_type=\"container\">\n\t\t\t\t<div class=\"elementor-element elementor-element-803eaa4 elementor-widget elementor-widget-image\" data-id=\"803eaa4\" data-element_type=\"widget\" data-widget_type=\"image.default\">\n\t\t\t\t<div class=\"elementor-widget-container\">\n\t\t\t\t\t\t\t\t\t\t\t\t\t\t\t<img loading=\"lazy\" decoding=\"async\" width=\"378\" height=\"378\" src=\"https:\/\/caba-acab.ca\/wp-content\/uploads\/2026\/02\/Ashley_Smith.png\" class=\"attachment-large size-large wp-image-2326\" alt=\"\" srcset=\"https:\/\/caba-acab.ca\/wp-content\/uploads\/2026\/02\/Ashley_Smith.png 378w, https:\/\/caba-acab.ca\/wp-content\/uploads\/2026\/02\/Ashley_Smith-300x300.png 300w, https:\/\/caba-acab.ca\/wp-content\/uploads\/2026\/02\/Ashley_Smith-150x150.png 150w, https:\/\/caba-acab.ca\/wp-content\/uploads\/2026\/02\/Ashley_Smith-12x12.png 12w\" sizes=\"(max-width: 378px) 100vw, 378px\" \/>\t\t\t\t\t\t\t\t\t\t\t\t\t\t\t<\/div>\n\t\t\t\t<\/div>\n\t\t\t\t<\/div>\n\t\t<div class=\"elementor-element elementor-element-f686dd1 e-con-full e-flex e-con e-child\" data-id=\"f686dd1\" data-element_type=\"container\">\n\t\t\t\t<div class=\"elementor-element elementor-element-f362f62 elementor-widget elementor-widget-heading\" data-id=\"f362f62\" data-element_type=\"widget\" data-widget_type=\"heading.default\">\n\t\t\t\t<div class=\"elementor-widget-container\">\n\t\t\t\t\t<h3 class=\"elementor-heading-title elementor-size-default\">Madelyn Hertz<\/h3>\t\t\t\t<\/div>\n\t\t\t\t<\/div>\n\t\t\t\t<div class=\"elementor-element elementor-element-b6f5036 elementor-widget elementor-widget-heading\" data-id=\"b6f5036\" data-element_type=\"widget\" data-widget_type=\"heading.default\">\n\t\t\t\t<div class=\"elementor-widget-container\">\n\t\t\t\t\t<h5 class=\"elementor-heading-title elementor-size-default\">R\u00e9dactrice de l'infolettre (2022-2025)<\/h5>\t\t\t\t<\/div>\n\t\t\t\t<\/div>\n\t\t\t\t<div class=\"elementor-element elementor-element-e4f93b4 elementor-widget elementor-widget-text-editor\" data-id=\"e4f93b4\" data-element_type=\"widget\" data-widget_type=\"text-editor.default\">\n\t\t\t\t<div class=\"elementor-widget-container\">\n\t\t\t\t\t\t\t\t\t<p><a href=\"mailto:newsletter-editor@caba-acab.net\" data-extlink=\"\">newsletter-editor@caba-acab.ca<\/a><\/p>\t\t\t\t\t\t\t\t<\/div>\n\t\t\t\t<\/div>\n\t\t\t\t<div class=\"elementor-element elementor-element-2f7cb6f elementor-widget elementor-widget-text-editor\" data-id=\"2f7cb6f\" data-element_type=\"widget\" data-widget_type=\"text-editor.default\">\n\t\t\t\t<div class=\"elementor-widget-container\">\n\t\t\t\t\t\t\t\t\t<p>Je suis doctorante au d\u00e9partement d'anthropologie de l'Universit\u00e9 Western. Mes domaines d'int\u00e9r\u00eat sont l'adaptation fonctionnelle, la plasticit\u00e9, la pal\u00e9obiologie athl\u00e9tique humaine, le vieillissement et l'activit\u00e9. Mes recherches actuelles portent sur l'intersection de l'activit\u00e9, de la plasticit\u00e9 et du vieillissement, et plus particuli\u00e8rement sur l'effet des charges avec ou sans impact sur le syst\u00e8me musculo-squelettique. Je suis impatiente de voir comment mes propres recherches vont \u00e9voluer et tr\u00e8s enthousiaste de faire partie du comit\u00e9 ex\u00e9cutif de la CABA-ACAB, \u00e0 la fois pour mieux conna\u00eetre nos membres et pour contribuer \u00e0 cette organisation.<\/p>\t\t\t\t\t\t\t\t<\/div>\n\t\t\t\t<\/div>\n\t\t\t\t<div class=\"elementor-element elementor-element-596c03a elementor-widget elementor-widget-n-accordion\" data-id=\"596c03a\" data-element_type=\"widget\" data-settings=\"{&quot;default_state&quot;:&quot;all_collapsed&quot;,&quot;max_items_expended&quot;:&quot;one&quot;,&quot;n_accordion_animation_duration&quot;:{&quot;unit&quot;:&quot;ms&quot;,&quot;size&quot;:400,&quot;sizes&quot;:[]}}\" data-widget_type=\"nested-accordion.default\">\n\t\t\t\t<div class=\"elementor-widget-container\">\n\t\t\t\t\t\t\t<div class=\"e-n-accordion\" aria-label=\"Accordion. Open links with Enter or Space, close with Escape, and navigate with Arrow Keys\">\n\t\t\t\t\t\t<details id=\"e-n-accordion-item-9370\" class=\"e-n-accordion-item\" >\n\t\t\t\t<summary class=\"e-n-accordion-item-title\" data-accordion-index=\"1\" tabindex=\"0\" aria-expanded=\"false\" aria-controls=\"e-n-accordion-item-9370\" >\n\t\t\t\t\t<span class='e-n-accordion-item-title-header'><div class=\"e-n-accordion-item-title-text\"> T\u00e2ches de la r\u00e9dactrice du bulletin d'information <\/div><\/span>\n\t\t\t\t\t\t\t<span class='e-n-accordion-item-title-icon'>\n\t\t\t<span class='e-opened' ><svg aria-hidden=\"true\" class=\"e-font-icon-svg e-fas-minus\" viewbox=\"0 0 448 512\" xmlns=\"http:\/\/www.w3.org\/2000\/svg\"><path d=\"M416 208H32c-17.67 0-32 14.33-32 32v32c0 17.67 14.33 32 32 32h384c17.67 0 32-14.33 32-32v-32c0-17.67-14.33-32-32-32z\"><\/path><\/svg><\/span>\n\t\t\t<span class='e-closed'><svg aria-hidden=\"true\" class=\"e-font-icon-svg e-fas-plus\" viewbox=\"0 0 448 512\" xmlns=\"http:\/\/www.w3.org\/2000\/svg\"><path d=\"M416 208H272V64c0-17.67-14.33-32-32-32h-32c-17.67 0-32 14.33-32 32v144H32c-17.67 0-32 14.33-32 32v32c0 17.67 14.33 32 32 32h144v144c0 17.67 14.33 32 32 32h32c17.67 0 32-14.33 32-32V304h144c17.67 0 32-14.33 32-32v-32c0-17.67-14.33-32-32-32z\"><\/path><\/svg><\/span>\n\t\t<\/span>\n\n\t\t\t\t\t\t<\/summary>\n\t\t\t\t<div role=\"region\" aria-labelledby=\"e-n-accordion-item-9370\" class=\"elementor-element elementor-element-c5ba399 e-con-full e-flex e-con e-child\" data-id=\"c5ba399\" data-element_type=\"container\">\n\t\t\t\t<div class=\"elementor-element elementor-element-f8a1df3 elementor-widget elementor-widget-text-editor\" data-id=\"f8a1df3\" data-element_type=\"widget\" data-widget_type=\"text-editor.default\">\n\t\t\t\t<div class=\"elementor-widget-container\">\n\t\t\t\t\t\t\t\t\t<p>La r\u00e9dactrice de l'infolettre produira et distribuera le bulletin d'information de l'association. Ces t\u00e2ches comprennent la sollicitation de mat\u00e9riel, l'\u00e9dition, la mise en page, l'impression, et la distribution de la lettre.<\/p>\t\t\t\t\t\t\t\t<\/div>\n\t\t\t\t<\/div>\n\t\t\t\t<\/div>\n\t\t\t\t\t<\/details>\n\t\t\t\t\t<\/div>\n\t\t\t\t\t\t<\/div>\n\t\t\t\t<\/div>\n\t\t\t\t<\/div>\n\t\t<div class=\"elementor-element elementor-element-8806f21 e-con-full e-flex e-con e-child\" data-id=\"8806f21\" data-element_type=\"container\">\n\t\t\t\t<div class=\"elementor-element elementor-element-5b2af62 elementor-widget elementor-widget-image\" data-id=\"5b2af62\" data-element_type=\"widget\" data-widget_type=\"image.default\">\n\t\t\t\t<div class=\"elementor-widget-container\">\n\t\t\t\t\t\t\t\t\t\t\t\t\t\t\t<img loading=\"lazy\" decoding=\"async\" width=\"200\" height=\"220\" src=\"https:\/\/caba-acab.ca\/wp-content\/uploads\/2025\/05\/roster_photo_2017.png\" class=\"attachment-large size-large wp-image-1223\" alt=\"\" srcset=\"https:\/\/caba-acab.ca\/wp-content\/uploads\/2025\/05\/roster_photo_2017.png 200w, https:\/\/caba-acab.ca\/wp-content\/uploads\/2025\/05\/roster_photo_2017-11x12.png 11w\" sizes=\"(max-width: 200px) 100vw, 200px\" \/>\t\t\t\t\t\t\t\t\t\t\t\t\t\t\t<\/div>\n\t\t\t\t<\/div>\n\t\t\t\t<\/div>\n\t\t<div class=\"elementor-element elementor-element-0fdbb83 e-con-full e-flex e-con e-child\" data-id=\"0fdbb83\" data-element_type=\"container\">\n\t\t\t\t<div class=\"elementor-element elementor-element-2c6948d elementor-widget elementor-widget-heading\" data-id=\"2c6948d\" data-element_type=\"widget\" data-widget_type=\"heading.default\">\n\t\t\t\t<div class=\"elementor-widget-container\">\n\t\t\t\t\t<h3 class=\"elementor-heading-title elementor-size-default\">Sarah Bidinosti<\/h3>\t\t\t\t<\/div>\n\t\t\t\t<\/div>\n\t\t\t\t<div class=\"elementor-element elementor-element-39ab5f8 elementor-widget elementor-widget-heading\" data-id=\"39ab5f8\" data-element_type=\"widget\" data-widget_type=\"heading.default\">\n\t\t\t\t<div class=\"elementor-widget-container\">\n\t\t\t\t\t<h5 class=\"elementor-heading-title elementor-size-default\">Responsable des communications (2025-2028)<\/h5>\t\t\t\t<\/div>\n\t\t\t\t<\/div>\n\t\t\t\t<div class=\"elementor-element elementor-element-0fd6302 elementor-widget elementor-widget-text-editor\" data-id=\"0fd6302\" data-element_type=\"widget\" data-widget_type=\"text-editor.default\">\n\t\t\t\t<div class=\"elementor-widget-container\">\n\t\t\t\t\t\t\t\t\t<p><a href=\"mailto:commrep@caba-acab.net\" data-extlink=\"\">commrep@caba-acab.ca<\/a><\/p>\t\t\t\t\t\t\t\t<\/div>\n\t\t\t\t<\/div>\n\t\t\t\t<div class=\"elementor-element elementor-element-d46ff9c elementor-widget elementor-widget-text-editor\" data-id=\"d46ff9c\" data-element_type=\"widget\" data-widget_type=\"text-editor.default\">\n\t\t\t\t<div class=\"elementor-widget-container\">\n\t\t\t\t\t\t\t\t\t<p>Je suis doctorante en arch\u00e9ologie et anthropologie biologique \u00e0 l'Universit\u00e9 Western. Mes domaines de recherche portent sur l'ost\u00e9ologie, la pal\u00e9opathologie, les traumatismes et la violence, les variations morphologiques, les m\u00e9thodologies non destructives et la pal\u00e9oradiologie. Ma th\u00e8se de ma\u00eetrise portait sur la normalisation de l'application des m\u00e9thodes ost\u00e9omorphom\u00e9triques aux tomodensitogrammes, et cette m\u00e9thodologie sera \u00e9galement utilis\u00e9e dans le cadre de mes recherches doctorales. Je suis ravie de faire partie de la direction de la CABA et de continuer \u00e0 servir la communaut\u00e9 de la CABA.<\/p>\t\t\t\t\t\t\t\t<\/div>\n\t\t\t\t<\/div>\n\t\t\t\t<div class=\"elementor-element elementor-element-bf337cc elementor-widget elementor-widget-n-accordion\" data-id=\"bf337cc\" data-element_type=\"widget\" data-settings=\"{&quot;default_state&quot;:&quot;all_collapsed&quot;,&quot;max_items_expended&quot;:&quot;one&quot;,&quot;n_accordion_animation_duration&quot;:{&quot;unit&quot;:&quot;ms&quot;,&quot;size&quot;:400,&quot;sizes&quot;:[]}}\" data-widget_type=\"nested-accordion.default\">\n\t\t\t\t<div class=\"elementor-widget-container\">\n\t\t\t\t\t\t\t<div class=\"e-n-accordion\" aria-label=\"Accordion. Open links with Enter or Space, close with Escape, and navigate with Arrow Keys\">\n\t\t\t\t\t\t<details id=\"e-n-accordion-item-2000\" class=\"e-n-accordion-item\" >\n\t\t\t\t<summary class=\"e-n-accordion-item-title\" data-accordion-index=\"1\" tabindex=\"0\" aria-expanded=\"false\" aria-controls=\"e-n-accordion-item-2000\" >\n\t\t\t\t\t<span class='e-n-accordion-item-title-header'><div class=\"e-n-accordion-item-title-text\"> Fonctions de la responsable des communications <\/div><\/span>\n\t\t\t\t\t\t\t<span class='e-n-accordion-item-title-icon'>\n\t\t\t<span class='e-opened' ><svg aria-hidden=\"true\" class=\"e-font-icon-svg e-fas-minus\" viewbox=\"0 0 448 512\" xmlns=\"http:\/\/www.w3.org\/2000\/svg\"><path d=\"M416 208H32c-17.67 0-32 14.33-32 32v32c0 17.67 14.33 32 32 32h384c17.67 0 32-14.33 32-32v-32c0-17.67-14.33-32-32-32z\"><\/path><\/svg><\/span>\n\t\t\t<span class='e-closed'><svg aria-hidden=\"true\" class=\"e-font-icon-svg e-fas-plus\" viewbox=\"0 0 448 512\" xmlns=\"http:\/\/www.w3.org\/2000\/svg\"><path d=\"M416 208H272V64c0-17.67-14.33-32-32-32h-32c-17.67 0-32 14.33-32 32v144H32c-17.67 0-32 14.33-32 32v32c0 17.67 14.33 32 32 32h144v144c0 17.67 14.33 32 32 32h32c17.67 0 32-14.33 32-32V304h144c17.67 0 32-14.33 32-32v-32c0-17.67-14.33-32-32-32z\"><\/path><\/svg><\/span>\n\t\t<\/span>\n\n\t\t\t\t\t\t<\/summary>\n\t\t\t\t<div role=\"region\" aria-labelledby=\"e-n-accordion-item-2000\" class=\"elementor-element elementor-element-bb0869a e-con-full e-flex e-con e-child\" data-id=\"bb0869a\" data-element_type=\"container\">\n\t\t\t\t<div class=\"elementor-element elementor-element-99244d3 elementor-widget elementor-widget-text-editor\" data-id=\"99244d3\" data-element_type=\"widget\" data-widget_type=\"text-editor.default\">\n\t\t\t\t<div class=\"elementor-widget-container\">\n\t\t\t\t\t\t\t\t\t<p>Le responsable des communications assurera la maintenance du site web de l'association (<a href=\"https:\/\/caba-acab.net\/\">https:\/\/caba-acab.net<\/a>), y compris les pages principales et les hyperliens connexes, en plus d\u2019assurer une coordination avec le r\u00e9dacteur ou la r\u00e9dactrice en chef de l'infolettre, les organisateurs de conf\u00e9rences et d\u2019autres personnes pour maintenir un contenu informatif et des ressources actuelles d\u2019int\u00e9r\u00eat pour les membres et la communaut\u00e9 dans son ensemble.<\/p>\t\t\t\t\t\t\t\t<\/div>\n\t\t\t\t<\/div>\n\t\t\t\t<\/div>\n\t\t\t\t\t<\/details>\n\t\t\t\t\t<\/div>\n\t\t\t\t\t\t<\/div>\n\t\t\t\t<\/div>\n\t\t\t\t<\/div>\n\t\t<div class=\"elementor-element elementor-element-7677c63 e-con-full e-flex e-con e-child\" data-id=\"7677c63\" data-element_type=\"container\">\n\t\t\t\t<div class=\"elementor-element elementor-element-b8c6335 elementor-widget elementor-widget-image\" data-id=\"b8c6335\" data-element_type=\"widget\" data-widget_type=\"image.default\">\n\t\t\t\t<div class=\"elementor-widget-container\">\n\t\t\t\t\t\t\t\t\t\t\t\t\t\t\t<img loading=\"lazy\" decoding=\"async\" width=\"225\" height=\"300\" src=\"https:\/\/caba-acab.ca\/wp-content\/uploads\/2025\/09\/Sarah-Mabel-225x300.jpg\" class=\"attachment-medium size-medium wp-image-2102\" alt=\"\" srcset=\"https:\/\/caba-acab.ca\/wp-content\/uploads\/2025\/09\/Sarah-Mabel-225x300.jpg 225w, https:\/\/caba-acab.ca\/wp-content\/uploads\/2025\/09\/Sarah-Mabel-768x1024.jpg 768w, https:\/\/caba-acab.ca\/wp-content\/uploads\/2025\/09\/Sarah-Mabel-1152x1536.jpg 1152w, https:\/\/caba-acab.ca\/wp-content\/uploads\/2025\/09\/Sarah-Mabel-1536x2048.jpg 1536w, https:\/\/caba-acab.ca\/wp-content\/uploads\/2025\/09\/Sarah-Mabel-9x12.jpg 9w, https:\/\/caba-acab.ca\/wp-content\/uploads\/2025\/09\/Sarah-Mabel.jpg 1920w\" sizes=\"(max-width: 225px) 100vw, 225px\" \/>\t\t\t\t\t\t\t\t\t\t\t\t\t\t\t<\/div>\n\t\t\t\t<\/div>\n\t\t\t\t<\/div>\n\t\t\t\t<\/div>\n\t\t\t\t\t<\/div>\n\t\t\t\t<\/div>\n\t\t<div class=\"elementor-element elementor-element-1604308 e-flex e-con-boxed e-con e-parent\" data-id=\"1604308\" data-element_type=\"container\">\n\t\t\t\t\t<div class=\"e-con-inner\">\n\t\t\t\t<div class=\"elementor-element elementor-element-9531a47 elementor-widget elementor-widget-spacer\" data-id=\"9531a47\" data-element_type=\"widget\" data-widget_type=\"spacer.default\">\n\t\t\t\t<div class=\"elementor-widget-container\">\n\t\t\t\t\t\t\t<div class=\"elementor-spacer\">\n\t\t\t<div class=\"elementor-spacer-inner\"><\/div>\n\t\t<\/div>\n\t\t\t\t\t\t<\/div>\n\t\t\t\t<\/div>\n\t\t\t\t\t<\/div>\n\t\t\t\t<\/div>\n\t\t<div class=\"elementor-element elementor-element-ddc77b7 e-flex e-con-boxed e-con e-parent\" data-id=\"ddc77b7\" data-element_type=\"container\">\n\t\t\t\t\t<div class=\"e-con-inner\">\n\t\t\t\t<div class=\"elementor-element elementor-element-49a19fb elementor-widget elementor-widget-button\" data-id=\"49a19fb\" data-element_type=\"widget\" data-widget_type=\"button.default\">\n\t\t\t\t<div class=\"elementor-widget-container\">\n\t\t\t\t\t\t\t\t\t<div class=\"elementor-button-wrapper\">\n\t\t\t\t\t<a class=\"elementor-button elementor-button-link elementor-size-sm\" href=\"https:\/\/caba-acab.ca\/wp-content\/uploads\/2025\/05\/caba_acab_constitution_2022.pdf\">\n\t\t\t\t\t\t<span class=\"elementor-button-content-wrapper\">\n\t\t\t\t\t\t\t\t\t<span class=\"elementor-button-text\">Constitution de la CABA-ACAB<\/span>\n\t\t\t\t\t<\/span>\n\t\t\t\t\t<\/a>\n\t\t\t\t<\/div>\n\t\t\t\t\t\t\t\t<\/div>\n\t\t\t\t<\/div>\n\t\t\t\t<div class=\"elementor-element elementor-element-046b6a2 elementor-widget elementor-widget-spacer\" data-id=\"046b6a2\" data-element_type=\"widget\" data-widget_type=\"spacer.default\">\n\t\t\t\t<div class=\"elementor-widget-container\">\n\t\t\t\t\t\t\t<div class=\"elementor-spacer\">\n\t\t\t<div class=\"elementor-spacer-inner\"><\/div>\n\t\t<\/div>\n\t\t\t\t\t\t<\/div>\n\t\t\t\t<\/div>\n\t\t\t\t\t<\/div>\n\t\t\t\t<\/div>\n\t\t\t\t<\/div>","protected":false},"excerpt":{"rendered":"<p>Officers Andrea L. Waters-Rist President (2021 &#8211; Present) president@caba-acab.ca I am an Associate Professor in the Anthropology Department, Western University. My areas of interest within Biological Anthropology are ancient diet, infant feeding practices, paleopathology, dental anthropology, growth and development, and archaeological science. Much of my recent research is focussed on diet-disease synergies in historical populations [&hellip;]<\/p>","protected":false},"author":1,"featured_media":0,"parent":49,"menu_order":0,"comment_status":"closed","ping_status":"closed","template":"elementor_header_footer","meta":{"_acf_changed":false,"footnotes":""},"class_list":["post-446","page","type-page","status-publish","hentry"],"acf":[],"publishpress_future_action":{"enabled":false,"date":"2026-05-04 12:13:34","action":"change-status","newStatus":"draft","terms":[],"taxonomy":"","extraData":[]},"publishpress_future_workflow_manual_trigger":{"enabledWorkflows":[]},"_links":{"self":[{"href":"https:\/\/caba-acab.ca\/fr\/wp-json\/wp\/v2\/pages\/446","targetHints":{"allow":["GET"]}}],"collection":[{"href":"https:\/\/caba-acab.ca\/fr\/wp-json\/wp\/v2\/pages"}],"about":[{"href":"https:\/\/caba-acab.ca\/fr\/wp-json\/wp\/v2\/types\/page"}],"author":[{"embeddable":true,"href":"https:\/\/caba-acab.ca\/fr\/wp-json\/wp\/v2\/users\/1"}],"replies":[{"embeddable":true,"href":"https:\/\/caba-acab.ca\/fr\/wp-json\/wp\/v2\/comments?post=446"}],"version-history":[{"count":128,"href":"https:\/\/caba-acab.ca\/fr\/wp-json\/wp\/v2\/pages\/446\/revisions"}],"predecessor-version":[{"id":2414,"href":"https:\/\/caba-acab.ca\/fr\/wp-json\/wp\/v2\/pages\/446\/revisions\/2414"}],"up":[{"embeddable":true,"href":"https:\/\/caba-acab.ca\/fr\/wp-json\/wp\/v2\/pages\/49"}],"wp:attachment":[{"href":"https:\/\/caba-acab.ca\/fr\/wp-json\/wp\/v2\/media?parent=446"}],"curies":[{"name":"wp","href":"https:\/\/api.w.org\/{rel}","templated":true}]}}